{"id":581,"date":"2025-12-02T18:01:23","date_gmt":"2025-12-02T17:01:23","guid":{"rendered":"https:\/\/ferienhauserdmann.de\/?page_id=581"},"modified":"2026-02-10T19:44:53","modified_gmt":"2026-02-10T18:44:53","slug":"preise-2","status":"publish","type":"page","link":"https:\/\/ferienhauserdmann.de\/nl\/preise-2\/","title":{"rendered":"Prijzen  &amp; beschikbaarheidskalender"},"content":{"rendered":"<div class=\"wp-block-buttons is-layout-flex wp-block-buttons-is-layout-flex\">\n<div class=\"wp-block-button\"><a class=\"wp-block-button__link has-contrast-2-background-color has-background wp-element-button\" href=\"#Preise\">Onze prijzen<\/a><\/div>\n\n\n\n<div class=\"wp-block-button\"><a class=\"wp-block-button__link has-contrast-2-background-color has-background wp-element-button\" href=\"#Belegungskalender\">beschikbaarheidskalender<\/a><\/div>\n\n\n\n<div class=\"wp-block-button\"><a class=\"wp-block-button__link has-contrast-2-background-color has-background wp-element-button\" href=\"#Buchungsanfrage\">Boekingsaanvraag<\/a><\/div>\n<\/div>\n\n\n\n<div class=\"wp-block-getwid-anchor\" id=\"Preise\"><\/div>\n\n\n\n<div style=\"height:51px\" aria-hidden=\"true\" class=\"wp-block-spacer\"><\/div>\n\n\n\n<h2 class=\"wp-block-heading\">Onze prijzen <\/h2>\n\n\n\n<p>Tijdens uw verblijf is ons vakantiehuis helemaal van u. Met drie slaapkamers en in totaal vijf bedden, twee badkamers en een ruime woon-eetkamer biedt het voldoende ruimte voor een ontspannen vakantie waarin u zich helemaal thuis voelt. De volgende prijzen gelden voor een <strong>Bezetting met 2 personen<\/strong>.<\/p>\n\n\n\n<p>Houd er rekening mee dat de minimale verblijfsduur in principe <strong>3 <em>nachten<\/em><\/strong> bedraagt.  <\/p>\n\n\n\n<figure class=\"wp-block-table has-medium-font-size\"><table class=\"has-fixed-layout\"><tbody><tr><td><strong><em>Duur van verblijf:<\/em><\/strong><\/td><td><strong><em>Prijs per nacht: <\/em><\/strong><em>(incl. 2 personen)<\/em><\/td><\/tr><tr><td>3 \u2013 4 N\u00e4chte<\/td><td>85,00 Euro<\/td><\/tr><tr><td>ab 5 N\u00e4chten<\/td><td>80,00 Euro<\/td><\/tr><\/tbody><\/table><\/figure>\n\n\n\n<p>Voor elke extra persoon rekenen wij 15,00 euro per dag. Kinderen zijn bij ons van harte welkom, kinderen onder de drie jaar verblijven gratis.<\/p>\n\n\n\n<p>Wir freuen uns, wenn Sie l\u00e4nger bei uns bleiben. Ab einem Aufenthalt von sieben N\u00e4chten stellen wir Ihnen frische Handt\u00fccher zur Verf\u00fcgung, ab vierzehn N\u00e4chten zus\u00e4tzlich neue&nbsp;Bettw\u00e4sche.<\/p>\n\n\n\n<p>U kunt uw auto gratis achter het huis parkeren. <\/p>\n\n\n\n<p>In ons vakantiehuis staat een telefoon die u graag mag gebruiken. Standaardgesprekken naar vaste nummers binnen Duitsland zijn voor u gratis. Voor telefoongesprekken naar mobiele nummers, nummers in het buitenland of speciale nummers brengen wij u de werkelijk gemaakte kosten in rekening, plus 0,05 euro per eenheid.<\/p>\n\n\n\n<p>Graag bieden wij u op aanvraag een speciale prijs bij langdurig verhuur.<\/p>\n\n\n\n<p>Houd rekening met onze boekingsvoorwaarden.<\/p>\n\n\n\n<div class=\"wp-block-buttons is-content-justification-center is-layout-flex wp-container-core-buttons-is-layout-a89b3969 wp-block-buttons-is-layout-flex\">\n<div class=\"wp-block-button\"><a class=\"wp-block-button__link has-contrast-2-background-color has-background wp-element-button\" href=\"https:\/\/ferienhauserdmann.de\/nl\/rechtliches\/#buchungsbedingungen\" style=\"font-style:italic;font-weight:400\">Onze boekingsvoorwaarden<\/a><\/div>\n<\/div>\n\n\n\n<div style=\"height:39px\" aria-hidden=\"true\" class=\"wp-block-spacer\"><\/div>\n\n\n\n<hr class=\"wp-block-separator has-alpha-channel-opacity\"\/>\n\n\n\n<div style=\"height:30px\" aria-hidden=\"true\" class=\"wp-block-spacer\"><\/div>\n\n\n\n<div class=\"wp-block-getwid-anchor\" id=\"Belegungskalender\"><\/div>\n\n\n\n<h2 class=\"wp-block-heading\">Onze bezettingskalender<\/h2>\n\n\n\n<p><\/p>\n\n\n\n<p class=\"has-small-font-size\">Gebruik onze bezettingskalender op uw mobiele telefoon in liggend formaat. In staand formaat worden alleen de niet-beschikbare dagen weergegeven.<\/p>\n\n\n<div class=\"r34ics-ajax-container loading\" id=\"r69f4217ca4cc4a6\" data-view=\"month\" data-view-is-list-style=\"0\" data-view-is-list-long=\"0\" data-args=\"d72eb446373feeafbf61437cc64156a867ef5caf\" data-js-args=\"{&quot;debug&quot;:null}\">&nbsp;<\/div>\n\n\n\n<p><\/p>\n\n\n\n<div class=\"wp-block-getwid-anchor\" id=\"Buchungsanfrage\"><\/div>\n\n\n\n<div style=\"height:26px\" aria-hidden=\"true\" class=\"wp-block-spacer\"><\/div>\n\n\n\n<hr class=\"wp-block-separator has-alpha-channel-opacity\"\/>\n\n\n\n<div style=\"height:21px\" aria-hidden=\"true\" class=\"wp-block-spacer\"><\/div>\n\n\n\n<h1 class=\"wp-block-heading has-x-large-font-size\">Wij verheugen ons op uw boekingsaanvraag.<\/h1>\n\n\n\n<div class=\"wp-block-columns is-layout-flex wp-container-core-columns-is-layout-28f84493 wp-block-columns-is-layout-flex\">\n<div class=\"wp-block-column is-layout-flow wp-block-column-is-layout-flow\" style=\"flex-basis:66.66%\">\n<div class=\"wp-block-contact-form-7-contact-form-selector\">\n<div class=\"wpcf7 no-js\" id=\"wpcf7-f158-o1\" lang=\"de-DE\" dir=\"ltr\" data-wpcf7-id=\"158\">\n<div class=\"screen-reader-response\"><p role=\"status\" aria-live=\"polite\" aria-atomic=\"true\"><\/p> <ul><\/ul><\/div>\n<form action=\"\/nl\/wp-json\/wp\/v2\/pages\/581#wpcf7-f158-o1\" method=\"post\" class=\"wpcf7-form init wpcf7-acceptance-as-validation\" aria-label=\"Kontaktformular\" novalidate=\"novalidate\" data-status=\"init\" data-trp-original-action=\"\/nl\/wp-json\/wp\/v2\/pages\/581#wpcf7-f158-o1\">\n<fieldset class=\"hidden-fields-container\"><input type=\"hidden\" name=\"_wpcf7\" value=\"158\" \/><input type=\"hidden\" name=\"_wpcf7_version\" value=\"6.1.5\" \/><input type=\"hidden\" name=\"_wpcf7_locale\" value=\"de_DE\" \/><input type=\"hidden\" name=\"_wpcf7_unit_tag\" value=\"wpcf7-f158-o1\" \/><input type=\"hidden\" name=\"_wpcf7_container_post\" value=\"0\" \/><input type=\"hidden\" name=\"_wpcf7_posted_data_hash\" value=\"\" \/>\n<\/fieldset>\n<p><label> Uw naam<br \/>\n<span class=\"wpcf7-form-control-wrap\" data-name=\"your-name\"><input size=\"40\" maxlength=\"400\" class=\"wpcf7-form-control wpcf7-text wpcf7-validates-as-required\" aria-required=\"true\" aria-invalid=\"false\" value=\"\" type=\"text\" name=\"your-name\" \/><\/span> <\/label>\n<\/p>\n<p><label> Uw E-Mail Adress<br \/>\n<span class=\"wpcf7-form-control-wrap\" data-name=\"your-email\"><input size=\"40\" maxlength=\"400\" class=\"wpcf7-form-control wpcf7-email wpcf7-validates-as-required wpcf7-text wpcf7-validates-as-email\" aria-required=\"true\" aria-invalid=\"false\" value=\"\" type=\"email\" name=\"your-email\" \/><\/span> <\/label>\n<\/p>\n<p><label> Uw telefoonnummer<br \/>\n<span class=\"wpcf7-form-control-wrap\" data-name=\"tel-934\"><input size=\"40\" maxlength=\"400\" class=\"wpcf7-form-control wpcf7-tel wpcf7-validates-as-required wpcf7-text wpcf7-validates-as-tel\" aria-required=\"true\" aria-invalid=\"false\" value=\"\" type=\"tel\" name=\"tel-934\" \/><\/span><\/label>\n<\/p>\n<p><label>Onderwerp:<br \/>\n<span class=\"wpcf7-form-control-wrap\" data-name=\"your-subject\"><input size=\"40\" maxlength=\"400\" class=\"wpcf7-form-control wpcf7-text wpcf7-validates-as-required\" aria-required=\"true\" aria-invalid=\"false\" value=\"\" type=\"text\" name=\"your-subject\" \/><\/span> <\/label>\n<\/p>\n<p><label> Ruimte voor uw boodschap:<br \/>\n<span class=\"wpcf7-form-control-wrap\" data-name=\"your-message\"><textarea cols=\"40\" rows=\"10\" maxlength=\"2000\" class=\"wpcf7-form-control wpcf7-textarea\" aria-invalid=\"false\" name=\"your-message\"><\/textarea><\/span> <\/label>\n<\/p>\n<p><label> GDPR-toestemming<br \/>\n<span class=\"wpcf7-form-control-wrap\" data-name=\"your-consent\"><span class=\"wpcf7-form-control wpcf7-acceptance\"><span class=\"wpcf7-list-item\"><label><input type=\"checkbox\" name=\"your-consent\" value=\"1\" aria-invalid=\"false\" \/><span class=\"wpcf7-list-item-label\">Ik ga ermee akkoord dat de verstrekte informatie wordt verzonden, gebruikt en opgeslagen in overeenstemming met de privacyverklaring op de website. (Bevestig om te verzenden)<\/span><\/label><\/span><\/span><\/span><br \/>\n<input class=\"wpcf7-form-control wpcf7-submit has-spinner\" type=\"submit\" value=\"Verzenden\" \/><\/label>\n<\/p><div class=\"wpcf7-response-output\" aria-hidden=\"true\"><\/div>\n<input type=\"hidden\" name=\"trp-form-language\" value=\"nl\"\/><\/form>\n<\/div>\n<\/div>\n<\/div>\n\n\n\n<div class=\"wp-block-column is-layout-flow wp-block-column-is-layout-flow\" style=\"flex-basis:33.33%\">\n<figure class=\"wp-block-image size-large is-style-rounded is-style-rounded--1\" style=\"margin-top:0;margin-right:0;margin-bottom:0;margin-left:0\"><img loading=\"lazy\" decoding=\"async\" width=\"576\" height=\"1024\" src=\"https:\/\/ferienhauserdmann.de\/wp-content\/uploads\/2022\/01\/20160122_122333-Gross-576x1024.jpg\" alt=\"verschneiter Weg\" class=\"wp-image-787\" srcset=\"https:\/\/ferienhauserdmann.de\/wp-content\/uploads\/2022\/01\/20160122_122333-Gross-576x1024.jpg 576w, https:\/\/ferienhauserdmann.de\/wp-content\/uploads\/2022\/01\/20160122_122333-Gross-169x300.jpg 169w, https:\/\/ferienhauserdmann.de\/wp-content\/uploads\/2022\/01\/20160122_122333-Gross-768x1365.jpg 768w, https:\/\/ferienhauserdmann.de\/wp-content\/uploads\/2022\/01\/20160122_122333-Gross-864x1536.jpg 864w, https:\/\/ferienhauserdmann.de\/wp-content\/uploads\/2022\/01\/20160122_122333-Gross-892x1586.jpg 892w, https:\/\/ferienhauserdmann.de\/wp-content\/uploads\/2022\/01\/20160122_122333-Gross-rotated.jpg 1080w\" sizes=\"auto, (max-width: 576px) 100vw, 576px\" \/><\/figure>\n<\/div>\n<\/div>","protected":false},"excerpt":{"rendered":"<p>Unsere Preise (2026) W\u00e4hrend Ihres Aufenthalts geh\u00f6rt unser Ferienhaus ganz Ihnen. Mit drei Schlafzimmern und insgesamt f\u00fcnf Betten, zwei Badezimmern und einem ger\u00e4umigen Wohn- Essbereich bietet es ausreichend Platz f\u00fcr eine erholsame Auszeit zum Wohlf\u00fchlen. Die folgenden Preise gelten f\u00fcr eine Belegung mit 2 Personen. Bitte beachten Sie, dass die Mindestaufenthaltsdauer grunds\u00e4tzlich 3 N\u00e4chte betr\u00e4gt. [&hellip;]<\/p>\n","protected":false},"author":1,"featured_media":1790,"parent":0,"menu_order":0,"comment_status":"closed","ping_status":"closed","template":"","meta":{"footnotes":""},"class_list":["post-581","page","type-page","status-publish","has-post-thumbnail","hentry"],"aioseo_notices":[],"_links":{"self":[{"href":"https:\/\/ferienhauserdmann.de\/nl\/wp-json\/wp\/v2\/pages\/581","targetHints":{"allow":["GET"]}}],"collection":[{"href":"https:\/\/ferienhauserdmann.de\/nl\/wp-json\/wp\/v2\/pages"}],"about":[{"href":"https:\/\/ferienhauserdmann.de\/nl\/wp-json\/wp\/v2\/types\/page"}],"author":[{"embeddable":true,"href":"https:\/\/ferienhauserdmann.de\/nl\/wp-json\/wp\/v2\/users\/1"}],"replies":[{"embeddable":true,"href":"https:\/\/ferienhauserdmann.de\/nl\/wp-json\/wp\/v2\/comments?post=581"}],"version-history":[{"count":99,"href":"https:\/\/ferienhauserdmann.de\/nl\/wp-json\/wp\/v2\/pages\/581\/revisions"}],"predecessor-version":[{"id":1793,"href":"https:\/\/ferienhauserdmann.de\/nl\/wp-json\/wp\/v2\/pages\/581\/revisions\/1793"}],"wp:featuredmedia":[{"embeddable":true,"href":"https:\/\/ferienhauserdmann.de\/nl\/wp-json\/wp\/v2\/media\/1790"}],"wp:attachment":[{"href":"https:\/\/ferienhauserdmann.de\/nl\/wp-json\/wp\/v2\/media?parent=581"}],"curies":[{"name":"wp","href":"https:\/\/api.w.org\/{rel}","templated":true}]}}