{"id":96,"date":"2025-12-05T11:32:14","date_gmt":"2025-12-05T10:32:14","guid":{"rendered":"https:\/\/ferienhauserdmann.de\/?page_id=96"},"modified":"2025-12-13T13:06:39","modified_gmt":"2025-12-13T12:06:39","slug":"unser_ferienhaus","status":"publish","type":"page","link":"https:\/\/ferienhauserdmann.de\/nl\/unser_ferienhaus\/","title":{"rendered":"Ons vakantiehuis om u te ontspannen en te ontspannen"},"content":{"rendered":"<p class=\"has-dark-gray-color has-text-color has-medium-font-size\">biedt plaats aan maximaal vijf personen.  <\/p>\n\n\n\n<p class=\"has-dark-gray-color has-text-color has-medium-font-size\">Het beschikt over:<\/p>\n\n\n\n<div class=\"wp-block-columns is-layout-flex wp-container-core-columns-is-layout-28f84493 wp-block-columns-is-layout-flex\">\n<div class=\"wp-block-column has-medium-font-size is-layout-flow wp-block-column-is-layout-flow\">\n<ul style=\"line-height:1.9\" class=\"wp-block-list has-medium-font-size\">\n<li class=\"has-medium-font-size\">twee slaapkamers met comfortabele tweepersoonsbedden<\/li>\n\n\n\n<li>een woonkamer met gezellige tv-hoek<\/li>\n\n\n\n<li>een eethoek met grote eettafel in de woonkamer en open haard<\/li>\n<\/ul>\n<\/div>\n\n\n\n<div class=\"wp-block-column has-medium-font-size is-layout-flow wp-block-column-is-layout-flow\">\n<ul style=\"line-height:1.8\" class=\"wp-block-list\">\n<li>een kleine slaapkamer met eenpersoonsbed als doorgangskamer<\/li>\n\n\n\n<li>twee badkamers met inloopdouche<\/li>\n\n\n\n<li>een ruime keuken met hoge tafel en zitplaatsen<\/li>\n<\/ul>\n<\/div>\n<\/div>\n\n\n\n<div class=\"wp-block-group alignfull has-global-padding is-layout-constrained wp-container-core-group-is-layout-b25ccd55 wp-block-group-is-layout-constrained\" style=\"margin-top:0;margin-bottom:0;padding-top:var(--wp--preset--spacing--50);padding-right:var(--wp--preset--spacing--50);padding-bottom:var(--wp--preset--spacing--50);padding-left:var(--wp--preset--spacing--50)\">\n<div class=\"wp-block-group is-nowrap is-layout-flex wp-container-core-group-is-layout-6c531013 wp-block-group-is-layout-flex\">\n<div style=\"height:41px;width:0px\" aria-hidden=\"true\" class=\"wp-block-spacer wp-container-content-29cb0303\"><\/div>\n\n\n\n<div style=\"height:54px;width:0px\" aria-hidden=\"true\" class=\"wp-block-spacer wp-container-content-075923e3\"><\/div>\n<\/div>\n\n\n\n<div class=\"wp-block-columns alignwide is-layout-flex wp-container-core-columns-is-layout-ff4b9c61 wp-block-columns-is-layout-flex\" style=\"margin-top:0;margin-bottom:0\">\n<div class=\"wp-block-column is-layout-flow wp-container-core-column-is-layout-8a368f38 wp-block-column-is-layout-flow\">\n<div style=\"height:48px\" aria-hidden=\"true\" class=\"wp-block-spacer\"><\/div>\n\n\n\n<figure class=\"wp-block-image size-large is-style-rounded is-style-rounded--1\"><img loading=\"lazy\" decoding=\"async\" width=\"1024\" height=\"642\" src=\"https:\/\/ferienhauserdmann.de\/wp-content\/uploads\/2022\/11\/DSC05094n1-1024x642.jpg\" alt=\"Blick in das Esszimmer\" class=\"wp-image-1006\" style=\"object-fit:cover\" srcset=\"https:\/\/ferienhauserdmann.de\/wp-content\/uploads\/2022\/11\/DSC05094n1-1024x642.jpg 1024w, https:\/\/ferienhauserdmann.de\/wp-content\/uploads\/2022\/11\/DSC05094n1-300x188.jpg 300w, https:\/\/ferienhauserdmann.de\/wp-content\/uploads\/2022\/11\/DSC05094n1-768x482.jpg 768w, https:\/\/ferienhauserdmann.de\/wp-content\/uploads\/2022\/11\/DSC05094n1-1536x963.jpg 1536w, https:\/\/ferienhauserdmann.de\/wp-content\/uploads\/2022\/11\/DSC05094n1-2048x1284.jpg 2048w, https:\/\/ferienhauserdmann.de\/wp-content\/uploads\/2022\/11\/DSC05094n1-18x12.jpg 18w, https:\/\/ferienhauserdmann.de\/wp-content\/uploads\/2022\/11\/DSC05094n1-892x559.jpg 892w\" sizes=\"auto, (max-width: 1024px) 100vw, 1024px\" \/><figcaption class=\"wp-element-caption\"> Eetkamer<\/figcaption><\/figure>\n\n\n\n<div style=\"height:48px\" aria-hidden=\"true\" class=\"wp-block-spacer\"><\/div>\n\n\n\n<figure class=\"wp-block-image size-large is-style-rounded is-style-rounded--2\"><img loading=\"lazy\" decoding=\"async\" width=\"810\" height=\"1024\" src=\"https:\/\/ferienhauserdmann.de\/wp-content\/uploads\/2022\/01\/Kuechesenkrechthell-Gross-810x1024.jpg\" alt=\"Blick in die K\u00fcche, Herd\" class=\"wp-image-809\" style=\"aspect-ratio:3\/4;object-fit:cover\" srcset=\"https:\/\/ferienhauserdmann.de\/wp-content\/uploads\/2022\/01\/Kuechesenkrechthell-Gross-810x1024.jpg 810w, https:\/\/ferienhauserdmann.de\/wp-content\/uploads\/2022\/01\/Kuechesenkrechthell-Gross-237x300.jpg 237w, https:\/\/ferienhauserdmann.de\/wp-content\/uploads\/2022\/01\/Kuechesenkrechthell-Gross-768x971.jpg 768w, https:\/\/ferienhauserdmann.de\/wp-content\/uploads\/2022\/01\/Kuechesenkrechthell-Gross-892x1127.jpg 892w, https:\/\/ferienhauserdmann.de\/wp-content\/uploads\/2022\/01\/Kuechesenkrechthell-Gross.jpg 1080w\" sizes=\"auto, (max-width: 810px) 100vw, 810px\" \/><figcaption class=\"wp-element-caption\">Fornuis met oven en afwasmachine<\/figcaption><\/figure>\n\n\n\n<div style=\"height:50px\" aria-hidden=\"true\" class=\"wp-block-spacer\"><\/div>\n\n\n\n<figure class=\"wp-block-image size-large is-style-rounded is-style-rounded--3\"><img loading=\"lazy\" decoding=\"async\" width=\"1024\" height=\"603\" src=\"https:\/\/ferienhauserdmann.de\/wp-content\/uploads\/2025\/12\/wohnzimmer-Sofa-1024x603.jpg\" alt=\"Sofa im  Wohnzimmer\" class=\"wp-image-1556\" style=\"aspect-ratio:16\/9;object-fit:cover\" srcset=\"https:\/\/ferienhauserdmann.de\/wp-content\/uploads\/2025\/12\/wohnzimmer-Sofa-1024x603.jpg 1024w, https:\/\/ferienhauserdmann.de\/wp-content\/uploads\/2025\/12\/wohnzimmer-Sofa-300x177.jpg 300w, https:\/\/ferienhauserdmann.de\/wp-content\/uploads\/2025\/12\/wohnzimmer-Sofa-768x452.jpg 768w, https:\/\/ferienhauserdmann.de\/wp-content\/uploads\/2025\/12\/wohnzimmer-Sofa-1536x904.jpg 1536w, https:\/\/ferienhauserdmann.de\/wp-content\/uploads\/2025\/12\/wohnzimmer-Sofa-2048x1206.jpg 2048w, https:\/\/ferienhauserdmann.de\/wp-content\/uploads\/2025\/12\/wohnzimmer-Sofa-18x12.jpg 18w\" sizes=\"auto, (max-width: 1024px) 100vw, 1024px\" \/><figcaption class=\"wp-element-caption\">Woonkamer<\/figcaption><\/figure>\n\n\n\n<figure class=\"wp-block-image size-large is-style-rounded is-style-rounded--4\"><img loading=\"lazy\" decoding=\"async\" width=\"1024\" height=\"576\" src=\"https:\/\/ferienhauserdmann.de\/wp-content\/uploads\/2022\/11\/DSC05108n-1024x576.jpg\" alt=\"Die gem\u00fctliche Fernsehecke\" class=\"wp-image-1022\" style=\"object-fit:cover\" srcset=\"https:\/\/ferienhauserdmann.de\/wp-content\/uploads\/2022\/11\/DSC05108n-1024x576.jpg 1024w, https:\/\/ferienhauserdmann.de\/wp-content\/uploads\/2022\/11\/DSC05108n-300x169.jpg 300w, https:\/\/ferienhauserdmann.de\/wp-content\/uploads\/2022\/11\/DSC05108n-768x432.jpg 768w, https:\/\/ferienhauserdmann.de\/wp-content\/uploads\/2022\/11\/DSC05108n-1536x864.jpg 1536w, https:\/\/ferienhauserdmann.de\/wp-content\/uploads\/2022\/11\/DSC05108n-2048x1152.jpg 2048w, https:\/\/ferienhauserdmann.de\/wp-content\/uploads\/2022\/11\/DSC05108n-18x10.jpg 18w, https:\/\/ferienhauserdmann.de\/wp-content\/uploads\/2022\/11\/DSC05108n-892x502.jpg 892w\" sizes=\"auto, (max-width: 1024px) 100vw, 1024px\" \/><figcaption class=\"wp-element-caption\"> televisieshoek<\/figcaption><\/figure>\n\n\n\n<figure class=\"wp-block-image size-full is-style-rounded is-style-rounded--5\"><img loading=\"lazy\" decoding=\"async\" width=\"1763\" height=\"2560\" src=\"https:\/\/ferienhauserdmann.de\/wp-content\/uploads\/2025\/12\/DSC_0848n4-scaled.jpg\" alt=\"\" class=\"wp-image-1550\" style=\"aspect-ratio:1;object-fit:cover\" srcset=\"https:\/\/ferienhauserdmann.de\/wp-content\/uploads\/2025\/12\/DSC_0848n4-scaled.jpg 1763w, https:\/\/ferienhauserdmann.de\/wp-content\/uploads\/2025\/12\/DSC_0848n4-207x300.jpg 207w, https:\/\/ferienhauserdmann.de\/wp-content\/uploads\/2025\/12\/DSC_0848n4-705x1024.jpg 705w, https:\/\/ferienhauserdmann.de\/wp-content\/uploads\/2025\/12\/DSC_0848n4-768x1115.jpg 768w, https:\/\/ferienhauserdmann.de\/wp-content\/uploads\/2025\/12\/DSC_0848n4-1058x1536.jpg 1058w, https:\/\/ferienhauserdmann.de\/wp-content\/uploads\/2025\/12\/DSC_0848n4-1411x2048.jpg 1411w, https:\/\/ferienhauserdmann.de\/wp-content\/uploads\/2025\/12\/DSC_0848n4-8x12.jpg 8w\" sizes=\"auto, (max-width: 1763px) 100vw, 1763px\" \/><figcaption class=\"wp-element-caption\">Fornuis<\/figcaption><\/figure>\n<\/div>\n\n\n\n<div class=\"wp-block-column is-layout-flow wp-container-core-column-is-layout-8a368f38 wp-block-column-is-layout-flow\">\n<figure class=\"wp-block-image size-large is-style-rounded is-style-rounded--6\"><img loading=\"lazy\" decoding=\"async\" width=\"1024\" height=\"576\" src=\"https:\/\/ferienhauserdmann.de\/wp-content\/uploads\/2022\/11\/DSC05144n-1024x576.jpg\" alt=\"Doppelbett im roten Schlafzimmer\" class=\"wp-image-1010\" style=\"aspect-ratio:3\/4;object-fit:cover\" srcset=\"https:\/\/ferienhauserdmann.de\/wp-content\/uploads\/2022\/11\/DSC05144n-1024x576.jpg 1024w, https:\/\/ferienhauserdmann.de\/wp-content\/uploads\/2022\/11\/DSC05144n-300x169.jpg 300w, https:\/\/ferienhauserdmann.de\/wp-content\/uploads\/2022\/11\/DSC05144n-768x432.jpg 768w, https:\/\/ferienhauserdmann.de\/wp-content\/uploads\/2022\/11\/DSC05144n-1536x864.jpg 1536w, https:\/\/ferienhauserdmann.de\/wp-content\/uploads\/2022\/11\/DSC05144n-2048x1152.jpg 2048w, https:\/\/ferienhauserdmann.de\/wp-content\/uploads\/2022\/11\/DSC05144n-18x10.jpg 18w, https:\/\/ferienhauserdmann.de\/wp-content\/uploads\/2022\/11\/DSC05144n-892x502.jpg 892w\" sizes=\"auto, (max-width: 1024px) 100vw, 1024px\" \/><figcaption class=\"wp-element-caption\">Rode slaapkamer<\/figcaption><\/figure>\n\n\n\n<div style=\"height:48px\" aria-hidden=\"true\" class=\"wp-block-spacer\"><\/div>\n\n\n\n<figure class=\"wp-block-image aligncenter size-full is-resized is-style-rounded is-style-rounded--7\"><img loading=\"lazy\" decoding=\"async\" width=\"512\" height=\"768\" src=\"https:\/\/ferienhauserdmann.de\/wp-content\/uploads\/2022\/01\/077_77-Large-1.jpg\" alt=\"\" class=\"wp-image-700\" style=\"width:270px\" srcset=\"https:\/\/ferienhauserdmann.de\/wp-content\/uploads\/2022\/01\/077_77-Large-1.jpg 512w, https:\/\/ferienhauserdmann.de\/wp-content\/uploads\/2022\/01\/077_77-Large-1-200x300.jpg 200w\" sizes=\"auto, (max-width: 512px) 100vw, 512px\" \/><figcaption class=\"wp-element-caption\">Badkamer op de begane grond<\/figcaption><\/figure>\n\n\n\n<div style=\"height:15px\" aria-hidden=\"true\" class=\"wp-block-spacer\"><\/div>\n\n\n\n<div style=\"height:54px\" aria-hidden=\"true\" class=\"wp-block-spacer\"><\/div>\n\n\n\n<figure class=\"wp-block-image aligncenter size-full is-resized is-style-rounded is-style-rounded--8\"><img loading=\"lazy\" decoding=\"async\" width=\"1080\" height=\"1440\" src=\"https:\/\/ferienhauserdmann.de\/wp-content\/uploads\/2022\/01\/DSC00908ue-Gross.jpg\" alt=\"Blick ins Bad im OG\" class=\"wp-image-818\" style=\"aspect-ratio:0.6666666666666666;object-fit:cover;width:276px;height:auto\" srcset=\"https:\/\/ferienhauserdmann.de\/wp-content\/uploads\/2022\/01\/DSC00908ue-Gross.jpg 1080w, https:\/\/ferienhauserdmann.de\/wp-content\/uploads\/2022\/01\/DSC00908ue-Gross-225x300.jpg 225w, https:\/\/ferienhauserdmann.de\/wp-content\/uploads\/2022\/01\/DSC00908ue-Gross-768x1024.jpg 768w, https:\/\/ferienhauserdmann.de\/wp-content\/uploads\/2022\/01\/DSC00908ue-Gross-892x1189.jpg 892w\" sizes=\"auto, (max-width: 1080px) 100vw, 1080px\" \/><figcaption class=\"wp-element-caption\">Badkamer boven<\/figcaption><\/figure>\n\n\n\n<div style=\"height:50px\" aria-hidden=\"true\" class=\"wp-block-spacer\"><\/div>\n\n\n\n<div style=\"height:36px\" aria-hidden=\"true\" class=\"wp-block-spacer\"><\/div>\n<\/div>\n\n\n\n<div class=\"wp-block-column is-layout-flow wp-container-core-column-is-layout-8a368f38 wp-block-column-is-layout-flow\">\n<figure class=\"wp-block-image size-large is-style-rounded is-style-rounded--9\"><img loading=\"lazy\" decoding=\"async\" width=\"1024\" height=\"692\" src=\"https:\/\/ferienhauserdmann.de\/wp-content\/uploads\/2022\/11\/DSC05134n-1024x692.jpg\" alt=\"\" class=\"wp-image-1028\" style=\"aspect-ratio:3\/4;object-fit:cover\" srcset=\"https:\/\/ferienhauserdmann.de\/wp-content\/uploads\/2022\/11\/DSC05134n-1024x692.jpg 1024w, https:\/\/ferienhauserdmann.de\/wp-content\/uploads\/2022\/11\/DSC05134n-300x203.jpg 300w, https:\/\/ferienhauserdmann.de\/wp-content\/uploads\/2022\/11\/DSC05134n-768x519.jpg 768w, https:\/\/ferienhauserdmann.de\/wp-content\/uploads\/2022\/11\/DSC05134n-1536x1037.jpg 1536w, https:\/\/ferienhauserdmann.de\/wp-content\/uploads\/2022\/11\/DSC05134n-2048x1383.jpg 2048w, https:\/\/ferienhauserdmann.de\/wp-content\/uploads\/2022\/11\/DSC05134n-18x12.jpg 18w, https:\/\/ferienhauserdmann.de\/wp-content\/uploads\/2022\/11\/DSC05134n-892x602.jpg 892w, https:\/\/ferienhauserdmann.de\/wp-content\/uploads\/2022\/11\/DSC05134n-150x100.jpg 150w\" sizes=\"auto, (max-width: 1024px) 100vw, 1024px\" \/><figcaption class=\"wp-element-caption\"> Blauwe slaapkamer<\/figcaption><\/figure>\n\n\n\n<div style=\"height:48px\" aria-hidden=\"true\" class=\"wp-block-spacer\"><\/div>\n\n\n\n<div style=\"height:0px\" aria-hidden=\"true\" class=\"wp-block-spacer\"><\/div>\n\n\n\n<div style=\"height:56px\" aria-hidden=\"true\" class=\"wp-block-spacer\"><\/div>\n\n\n\n<figure class=\"wp-block-image size-large is-style-rounded is-style-rounded--10\"><img loading=\"lazy\" decoding=\"async\" width=\"1024\" height=\"578\" src=\"https:\/\/ferienhauserdmann.de\/wp-content\/uploads\/2025\/12\/DSC05142n2-1024x578.jpg\" alt=\"\" class=\"wp-image-1563\" style=\"aspect-ratio:4\/3;object-fit:cover\" srcset=\"https:\/\/ferienhauserdmann.de\/wp-content\/uploads\/2025\/12\/DSC05142n2-1024x578.jpg 1024w, https:\/\/ferienhauserdmann.de\/wp-content\/uploads\/2025\/12\/DSC05142n2-300x169.jpg 300w, https:\/\/ferienhauserdmann.de\/wp-content\/uploads\/2025\/12\/DSC05142n2-768x434.jpg 768w, https:\/\/ferienhauserdmann.de\/wp-content\/uploads\/2025\/12\/DSC05142n2-1536x867.jpg 1536w, https:\/\/ferienhauserdmann.de\/wp-content\/uploads\/2025\/12\/DSC05142n2-2048x1157.jpg 2048w, https:\/\/ferienhauserdmann.de\/wp-content\/uploads\/2025\/12\/DSC05142n2-18x10.jpg 18w\" sizes=\"auto, (max-width: 1024px) 100vw, 1024px\" \/><figcaption class=\"wp-element-caption\"> Kinderen\/eenpersoonskamer<\/figcaption><\/figure>\n\n\n\n<div style=\"height:56px\" aria-hidden=\"true\" class=\"wp-block-spacer\"><\/div>\n\n\n\n<figure class=\"wp-block-image aligncenter size-full is-resized is-style-rounded is-style-rounded--11\"><img loading=\"lazy\" decoding=\"async\" width=\"1440\" height=\"2560\" src=\"https:\/\/ferienhauserdmann.de\/wp-content\/uploads\/2022\/11\/PXL_20220828_102959454-scaled.jpg\" alt=\"Informationsmaterial\" class=\"wp-image-1019\" style=\"aspect-ratio:3\/4;object-fit:cover;width:260px;height:auto\" srcset=\"https:\/\/ferienhauserdmann.de\/wp-content\/uploads\/2022\/11\/PXL_20220828_102959454-scaled.jpg 1440w, https:\/\/ferienhauserdmann.de\/wp-content\/uploads\/2022\/11\/PXL_20220828_102959454-169x300.jpg 169w, https:\/\/ferienhauserdmann.de\/wp-content\/uploads\/2022\/11\/PXL_20220828_102959454-576x1024.jpg 576w, https:\/\/ferienhauserdmann.de\/wp-content\/uploads\/2022\/11\/PXL_20220828_102959454-768x1365.jpg 768w, https:\/\/ferienhauserdmann.de\/wp-content\/uploads\/2022\/11\/PXL_20220828_102959454-864x1536.jpg 864w, https:\/\/ferienhauserdmann.de\/wp-content\/uploads\/2022\/11\/PXL_20220828_102959454-1152x2048.jpg 1152w, https:\/\/ferienhauserdmann.de\/wp-content\/uploads\/2022\/11\/PXL_20220828_102959454-7x12.jpg 7w, https:\/\/ferienhauserdmann.de\/wp-content\/uploads\/2022\/11\/PXL_20220828_102959454-892x1586.jpg 892w\" sizes=\"auto, (max-width: 1440px) 100vw, 1440px\" \/><figcaption class=\"wp-element-caption\">Informatiemateriaal <\/figcaption><\/figure>\n\n\n\n<div style=\"height:56px\" aria-hidden=\"true\" class=\"wp-block-spacer\"><\/div>\n\n\n\n<figure class=\"wp-block-image size-large is-style-rounded is-style-rounded--12\"><img loading=\"lazy\" decoding=\"async\" width=\"1024\" height=\"576\" src=\"https:\/\/ferienhauserdmann.de\/wp-content\/uploads\/2022\/11\/DSC05153n-1024x576.jpg\" alt=\"R\u00fcckseite des Ferienhauses\" class=\"wp-image-1021\" srcset=\"https:\/\/ferienhauserdmann.de\/wp-content\/uploads\/2022\/11\/DSC05153n-1024x576.jpg 1024w, https:\/\/ferienhauserdmann.de\/wp-content\/uploads\/2022\/11\/DSC05153n-300x169.jpg 300w, https:\/\/ferienhauserdmann.de\/wp-content\/uploads\/2022\/11\/DSC05153n-768x432.jpg 768w, https:\/\/ferienhauserdmann.de\/wp-content\/uploads\/2022\/11\/DSC05153n-1536x864.jpg 1536w, https:\/\/ferienhauserdmann.de\/wp-content\/uploads\/2022\/11\/DSC05153n-2048x1152.jpg 2048w, https:\/\/ferienhauserdmann.de\/wp-content\/uploads\/2022\/11\/DSC05153n-18x10.jpg 18w, https:\/\/ferienhauserdmann.de\/wp-content\/uploads\/2022\/11\/DSC05153n-892x502.jpg 892w\" sizes=\"auto, (max-width: 1024px) 100vw, 1024px\" \/><figcaption class=\"wp-element-caption\">Achterkant van het huis <\/figcaption><\/figure>\n<\/div>\n<\/div>\n<\/div>\n\n\n\n<hr class=\"wp-block-separator has-alpha-channel-opacity\" style=\"margin-top:var(--wp--preset--spacing--40);margin-bottom:var(--wp--preset--spacing--40)\"\/>\n\n\n\n<div class=\"wp-block-getwid-anchor\" id=\"Ausstattungsdetails\"><\/div>\n\n\n\n<h1 class=\"wp-block-heading\">De uitrusting  <\/h1>\n\n\n\n<p>Ons vakantiehuis biedt u tal van voorzieningen voor een ontspannen vakantie. We hebben ons best gedaan om alles wat u nodig heeft voor een aangenaam verblijf voor u klaar te zetten. Mocht u iets missen in de lijst, neem dan gerust contact met ons op.<\/p>\n\n\n\n<ul class=\"wp-block-list\">\n<li><strong>in het hele huis:<\/strong>\n<ul class=\"wp-block-list\">\n<li>WLAN<\/li>\n\n\n\n<li>alle ramen hebben rolluiken<\/li>\n\n\n\n<li>Rookvrij huis<\/li>\n\n\n\n<li>Laag allergeengehalte, omdat er geen huisdieren zijn toegestaan<\/li>\n<\/ul>\n<\/li>\n\n\n\n<li><strong>Keuken:<\/strong>\n<ul class=\"wp-block-list\">\n<li>Fornuis met oven<\/li>\n\n\n\n<li>Magnetron<\/li>\n\n\n\n<li>Vaatwasser<\/li>\n\n\n\n<li>Broodrooster<\/li>\n\n\n\n<li>Koffiezetapparaat<\/li>\n\n\n\n<li>Handmixer<\/li>\n\n\n\n<li>Ketel<\/li>\n\n\n\n<li>Koelkast<\/li>\n<\/ul>\n<\/li>\n\n\n\n<li><strong>Eetkamer<\/strong>\n<ul class=\"wp-block-list\">\n<li>grote uitschuifbare eettafel<\/li>\n\n\n\n<li>rustieke schouw<\/li>\n<\/ul>\n<\/li>\n\n\n\n<li><strong>Woonkamer<\/strong>\n<ul class=\"wp-block-list\">\n<li>LCD Sat TV<\/li>\n\n\n\n<li>Telefoon<\/li>\n<\/ul>\n<\/li>\n\n\n\n<li><strong>Badkamers op de begane grond en op de bovenverdieping<\/strong>\n<ul class=\"wp-block-list\">\n<li>WC, wastafel<\/li>\n\n\n\n<li>gelijkvloerse douche<\/li>\n<\/ul>\n<\/li>\n\n\n\n<li><strong>Kelder<\/strong>\n<ul class=\"wp-block-list\">\n<li>Wasmachine<\/li>\n\n\n\n<li>Droger<\/li>\n\n\n\n<li>Strijkplank met strijkijzer<\/li>\n<\/ul>\n<\/li>\n\n\n\n<li><strong>Op verzoek<\/strong>\n<ul class=\"wp-block-list\">\n<li>Kinderbedje<\/li>\n\n\n\n<li>kinderstoel<\/li>\n<\/ul>\n<\/li>\n<\/ul>\n\n\n\n<p><\/p>\n\n\n\n<p><\/p>\n\n\n\n<p>Bij het huis hoort een groot liggazon. Maak gebruik van de mogelijkheden die de tuin u biedt, of het nu is om uit te rusten en nieuwe energie op te doen of om te spelen. U kunt ook gebruikmaken van de kruiden en bessen die in de tuin groeien. <\/p>\n\n\n\n<p><\/p>\n\n\n\n<p>Op het terras staat een kleine ronde zithoek met een grote parasol. Maak gebruik van de mogelijkheid om hier gezellig samen te zitten en te genieten van de frisse lucht van het Sauerland.<\/p>\n\n\n\n<p><\/p>\n\n\n\n<figure class=\"wp-block-gallery has-nested-images columns-default is-cropped wp-block-gallery-13 is-layout-flex wp-block-gallery-is-layout-flex\">\n<figure class=\"wp-block-image size-large\"><img loading=\"lazy\" decoding=\"async\" width=\"1024\" height=\"785\" data-id=\"1459\" src=\"https:\/\/ferienhauserdmann.de\/wp-content\/uploads\/2025\/11\/DSC_0460n2-1024x785.jpg\" alt=\"\" class=\"wp-image-1459\" srcset=\"https:\/\/ferienhauserdmann.de\/wp-content\/uploads\/2025\/11\/DSC_0460n2-1024x785.jpg 1024w, https:\/\/ferienhauserdmann.de\/wp-content\/uploads\/2025\/11\/DSC_0460n2-300x230.jpg 300w, https:\/\/ferienhauserdmann.de\/wp-content\/uploads\/2025\/11\/DSC_0460n2-768x589.jpg 768w, https:\/\/ferienhauserdmann.de\/wp-content\/uploads\/2025\/11\/DSC_0460n2-1536x1178.jpg 1536w, https:\/\/ferienhauserdmann.de\/wp-content\/uploads\/2025\/11\/DSC_0460n2-2048x1570.jpg 2048w, https:\/\/ferienhauserdmann.de\/wp-content\/uploads\/2025\/11\/DSC_0460n2-16x12.jpg 16w\" sizes=\"auto, (max-width: 1024px) 100vw, 1024px\" \/><\/figure>\n<\/figure>\n\n\n\n<div class=\"wp-block-buttons is-content-justification-center is-layout-flex wp-container-core-buttons-is-layout-a89b3969 wp-block-buttons-is-layout-flex\">\n<div class=\"wp-block-button\"><a class=\"wp-block-button__link has-text-align-center wp-element-button\" href=\"https:\/\/ferienhauserdmann.de\/nl\/belegungskalender\/\">Naar de bezettingskalender<\/a><\/div>\n<\/div>\n\n\n\n<p><\/p>","protected":false},"excerpt":{"rendered":"<p>bietet Platz f\u00fcr bis zu f\u00fcnf Personen. Es verf\u00fcgt \u00fcber: Die Ausstattung von unserem Ferienhaus bietet Ihnen eine Menge an Annehmlichkeiten um einen erholsamen Urlaub zu verbringen. Wir haben uns bem\u00fcht, alles was f\u00fcr einen sch\u00f6nen Aufenthalt ben\u00f6tigt wird, f\u00fcr Sie vorzuhalten. Sollten Sie etwas in der Aufstellung vermissen, fragen Sie gerne bei uns an. [&hellip;]<\/p>\n","protected":false},"author":1,"featured_media":1548,"parent":0,"menu_order":200,"comment_status":"closed","ping_status":"closed","template":"","meta":{"footnotes":""},"class_list":["post-96","page","type-page","status-publish","has-post-thumbnail","hentry"],"aioseo_notices":[],"_links":{"self":[{"href":"https:\/\/ferienhauserdmann.de\/nl\/wp-json\/wp\/v2\/pages\/96","targetHints":{"allow":["GET"]}}],"collection":[{"href":"https:\/\/ferienhauserdmann.de\/nl\/wp-json\/wp\/v2\/pages"}],"about":[{"href":"https:\/\/ferienhauserdmann.de\/nl\/wp-json\/wp\/v2\/types\/page"}],"author":[{"embeddable":true,"href":"https:\/\/ferienhauserdmann.de\/nl\/wp-json\/wp\/v2\/users\/1"}],"replies":[{"embeddable":true,"href":"https:\/\/ferienhauserdmann.de\/nl\/wp-json\/wp\/v2\/comments?post=96"}],"version-history":[{"count":102,"href":"https:\/\/ferienhauserdmann.de\/nl\/wp-json\/wp\/v2\/pages\/96\/revisions"}],"predecessor-version":[{"id":1697,"href":"https:\/\/ferienhauserdmann.de\/nl\/wp-json\/wp\/v2\/pages\/96\/revisions\/1697"}],"wp:featuredmedia":[{"embeddable":true,"href":"https:\/\/ferienhauserdmann.de\/nl\/wp-json\/wp\/v2\/media\/1548"}],"wp:attachment":[{"href":"https:\/\/ferienhauserdmann.de\/nl\/wp-json\/wp\/v2\/media?parent=96"}],"curies":[{"name":"wp","href":"https:\/\/api.w.org\/{rel}","templated":true}]}}